{"id":11,"date":"2017-06-12T13:09:11","date_gmt":"2017-06-12T11:09:11","guid":{"rendered":"http:\/\/www.branaire.com\/?page_id=11"},"modified":"2021-04-22T18:43:45","modified_gmt":"2021-04-22T16:43:45","slug":"vivre-a-branaire-ducru","status":"publish","type":"page","link":"https:\/\/www.branaire.com\/vivre-a-branaire-ducru\/","title":{"rendered":"Vivre \u00e0 Branaire-Ducru"},"content":{"rendered":"<div class=\"full\">\n<div class=\"txt\" data-aos=\"fade-up\">\n<h3>Le Ch\u00e2teau est familial<\/h3>\n<hr\/>\n<h4>Nous y vivons les quatre saisons<\/h4>\n<p>Le ch\u00e2teau est un des rares ch\u00e2teaux du M\u00e9doc \u00e0 \u00eatre encore habit\u00e9 \u00e0 l\u2019ann\u00e9e. La famille Maroteaux y vit au rythme des saisons de la vigne. <\/p>\n<\/div>\n<p><img loading=\"lazy\" decoding=\"async\" data-aos=\"fade-up\" src=\"https:\/\/www.branaire.com\/file\/2017\/06\/vivre01.jpg\" alt=\"\" width=\"1280\" height=\"700\" class=\"aligncenter size-full wp-image-76\" \/><\/p>\n<div class=\"imgband\">\n<img loading=\"lazy\" decoding=\"async\" data-aos=\"fade-up\" src=\"https:\/\/www.branaire.com\/file\/2017\/06\/vivreband01.jpg\" alt=\"\" width=\"1280\" height=\"480\" class=\"aligncenter size-full wp-image-103\" \/>\n<\/div>\n<\/div>\n<div class=\"clear\"><\/div>\n<div class=\"full\">\n<div class=\"txt\" data-aos=\"fade-up\">\n<h3>L&rsquo;architecture<\/h3>\n<hr\/>\n<h4>Sobri\u00e9t\u00e9 et \u00e9l\u00e9gance<\/h4>\n<p>La sobre architecture, l\u2019\u00e9l\u00e9gante sym\u00e9trie, l\u2019\u00e9quilibre de ses plans sont \u00e0 l\u2019image du vin.<br \/>\nAvec son porche flanqu\u00e9 de colonnes ioniques, elle aurait pu \u00eatre dite \u00ab villa palladienne \u00bb, mais le ch\u00e2teau est de facture n\u00e9oclassique Directoire.<br \/>\nL\u2019int\u00e9rieur, avec l\u2019admirable mise en sc\u00e8ne de l\u2019escalier d\u2019inspiration anglaise, a \u00e9t\u00e9 r\u00e9alis\u00e9 selon le go\u00fbt de l\u2019\u00e9poque victorienne.<\/p>\n<\/div>\n<p><img loading=\"lazy\" decoding=\"async\" data-aos=\"fade-up\" src=\"https:\/\/www.branaire.com\/file\/2017\/06\/vivre02.jpg\" alt=\"\" width=\"1280\" height=\"700\" class=\"aligncenter size-full wp-image-78\" \/><\/p>\n<div class=\"imgband\">\n<img loading=\"lazy\" decoding=\"async\" data-aos=\"fade-up\" src=\"https:\/\/www.branaire.com\/file\/2017\/06\/vivreband02.jpg\" alt=\"\" width=\"1280\" height=\"480\" class=\"aligncenter size-full wp-image-104\" \/>\n<\/div>\n<\/div>\n<div class=\"clear\"><\/div>\n<div class=\"full\">\n<div class=\"txt\" data-aos=\"fade-up\">\n<h3>Une \u0153uvre \u00e9ph\u00e9m\u00e8re<\/h3>\n<hr\/>\n<h4>Le jardin<\/h4>\n<p>En \u00e9t\u00e9, les rosiers grimpants couronnent de carmin les verri\u00e8res de l\u2019orangerie, \u0153uvre \u00e9ph\u00e9m\u00e8re du plus bel effet.<br \/>\nLorsque aux frimas, les vignes se voilent d\u2019un blanc l\u00e9ger, elles sont nos mari\u00e9es de l\u2019hiver.<br \/>\nAlors qu\u2019au printemps, le vignoble en fleurs marque les pr\u00e9mices de longues fian\u00e7ailles entre le raisin et le vin.<br \/>\nBaudelaire ou Lamartine, avant d\u2019embarquer pour d\u2019autres contr\u00e9es, auraient aim\u00e9 se poser ici et go\u00fbter aux plaisirs de la contemplation et de la d\u00e9gustation.<\/p>\n<\/div>\n<p><img loading=\"lazy\" decoding=\"async\" data-aos=\"fade-up\" src=\"https:\/\/www.branaire.com\/file\/2017\/06\/vivre04.jpg\" alt=\"\" width=\"1280\" height=\"700\" class=\"aligncenter size-full wp-image-80\" \/><\/p>\n<div class=\"imgband\">\n<img loading=\"lazy\" decoding=\"async\" data-aos=\"fade-up\" src=\"https:\/\/www.branaire.com\/file\/2021\/03\/vivreband042.jpg\" alt=\"\" width=\"1280\" height=\"978\" class=\"alignnone size-full wp-image-457\" \/>\n<\/div>\n<\/div>\n<div class=\"clear\"><\/div>\n<div class=\"up\" data-aos=\"fade-up\">\n<a class=\"upbutton\"><img loading=\"lazy\" decoding=\"async\" src=\"https:\/\/www.branaire.com\/file\/2017\/06\/up.png\" alt=\"\" width=\"40\" height=\"40\" \/><br \/>\nRetourner en haut de page<br \/>\n<\/a>\n<\/div>\n","protected":false},"excerpt":{"rendered":"<p>Le Ch\u00e2teau est familial Nous y vivons les quatre saisons Le ch\u00e2teau est un des rares ch\u00e2teaux du M\u00e9doc \u00e0 \u00eatre encore habit\u00e9 \u00e0 l\u2019ann\u00e9e. La famille Maroteaux y vit au rythme des saisons de la vigne. L&rsquo;architecture Sobri\u00e9t\u00e9 et \u00e9l\u00e9gance La sobre architecture, l\u2019\u00e9l\u00e9gante sym\u00e9trie, l\u2019\u00e9quilibre de ses plans sont \u00e0 l\u2019image du vin. &hellip; <\/p>\n<p class=\"link-more\"><a href=\"https:\/\/www.branaire.com\/vivre-a-branaire-ducru\/\" class=\"more-link\">Continuer la lecture<span class=\"screen-reader-text\"> de &laquo;&nbsp;Vivre \u00e0 Branaire-Ducru&nbsp;&raquo;<\/span><\/a><\/p>\n","protected":false},"author":1,"featured_media":0,"parent":0,"menu_order":0,"comment_status":"closed","ping_status":"closed","template":"","meta":{"_acf_changed":false,"footnotes":""},"class_list":["post-11","page","type-page","status-publish","hentry"],"acf":[],"_links":{"self":[{"href":"https:\/\/www.branaire.com\/rest_api\/wp\/v2\/pages\/11","targetHints":{"allow":["GET"]}}],"collection":[{"href":"https:\/\/www.branaire.com\/rest_api\/wp\/v2\/pages"}],"about":[{"href":"https:\/\/www.branaire.com\/rest_api\/wp\/v2\/types\/page"}],"author":[{"embeddable":true,"href":"https:\/\/www.branaire.com\/rest_api\/wp\/v2\/users\/1"}],"replies":[{"embeddable":true,"href":"https:\/\/www.branaire.com\/rest_api\/wp\/v2\/comments?post=11"}],"version-history":[{"count":0,"href":"https:\/\/www.branaire.com\/rest_api\/wp\/v2\/pages\/11\/revisions"}],"wp:attachment":[{"href":"https:\/\/www.branaire.com\/rest_api\/wp\/v2\/media?parent=11"}],"curies":[{"name":"wp","href":"https:\/\/api.w.org\/{rel}","templated":true}]}}